{"id":30,"date":"2017-02-18T13:53:38","date_gmt":"2017-02-18T12:53:38","guid":{"rendered":"http:\/\/viviscum.riv21.com\/?page_id=30"},"modified":"2023-09-15T15:42:26","modified_gmt":"2023-09-15T13:42:26","slug":"dr-guillaume-lemonde","status":"publish","type":"page","link":"https:\/\/viviscum.ch\/index.php\/les-medecins\/dr-guillaume-lemonde\/","title":{"rendered":"Dr Guillaume Lemonde"},"content":{"rendered":"<div class=\"paragraph\" style=\"text-align: left;\">M\u00e9decine d&rsquo;orientation anthroposophique<br \/>\nHom\u00e9opathie uniciste <img loading=\"lazy\" class=\"alignnone size-medium wp-image-223 alignright\" src=\"https:\/\/viviscum.ch\/wp-content\/uploads\/2022\/04\/guillaume-lemonde-213x300.png\" alt=\"\" width=\"213\" height=\"300\" srcset=\"https:\/\/viviscum.ch\/wp-content\/uploads\/2022\/04\/guillaume-lemonde-213x300.png 213w, https:\/\/viviscum.ch\/wp-content\/uploads\/2022\/04\/guillaume-lemonde.png 596w\" sizes=\"(max-width: 213px) 100vw, 213px\" \/><br \/>\nD\u00e9marche Saluto<\/div>\n<div><\/div>\n<div><\/div>\n<div class=\"paragraph\"><b>Consultations sur rendez-vous<br \/>\nT\u00e9l: + 41 24 420 29 77 (secr\u00e9tariat)<\/b><br \/>\n<b style=\"font-size: .8em;\"><\/b><\/div>\n<div><\/div>\n<div>Apr\u00e8s un doctorat \u00e0 Lyon, il poursuit sa formation \u00e0 la clinique Ita Wegman \u00e0 Arlesheim (clinique d\u2019orientation anthroposophique) et travaille quelques ann\u00e9es en Allemagne dans une institution de p\u00e9dagogie curative.<br \/>\nInstall\u00e9 dans le canton de Vaud, il est \u00e9galement praticien formateur pour la p\u00e9dagogie curative et la socioth\u00e9rapie.<\/div>\n<div class=\"clearer\"><\/div>\n<div class=\"paragraph\">\n<p>Il fonde la <a href=\"https:\/\/demarchesaluto.com\"><span style=\"color: #0000ff;\">Salutog\u00e9n\u00e9alogie et la d\u00e9marche Saluto<\/span><\/a> en 2007 et l&rsquo;enseigne.<\/p>\n<p>Il est \u00e0 l&rsquo;origine de <a href=\"https:\/\/demarchesaluto.com\/medias\/livres\/\"><b><span style=\"color: #0000ff;\">publications<\/span><\/b><\/a> exposant les r\u00e9sultats de ses recherches et donne de nombreuses conf\u00e9rences.<\/p>\n<p>Des articles et des vid\u00e9os sont \u00e0 consulter sur le site <a href=\"https:\/\/demarchesaluto.com\"><span style=\"color: #0000ff;\">https:\/\/<\/span><span style=\"color: #0000ff;\">demarchesaluto.com<\/span><\/a><\/p>\n<\/div>\n","protected":false},"excerpt":{"rendered":"<p>M\u00e9decine d&rsquo;orientation anthroposophique Hom\u00e9opathie uniciste D\u00e9marche Saluto Consultations sur rendez-vous T\u00e9l: + 41 24 420 29 77 (secr\u00e9tariat) Apr\u00e8s un doctorat \u00e0 Lyon, il poursuit sa formation \u00e0 la clinique Ita Wegman \u00e0 Arlesheim (clinique d\u2019orientation anthroposophique) et travaille quelques ann\u00e9es en Allemagne dans une institution de p\u00e9dagogie curative. Install\u00e9 dans le canton de Vaud, &hellip; <\/p>\n<p class=\"link-more\"><a href=\"https:\/\/viviscum.ch\/index.php\/les-medecins\/dr-guillaume-lemonde\/\" class=\"more-link\">Continuer la lecture<span class=\"screen-reader-text\"> de &laquo;&nbsp;Dr Guillaume Lemonde&nbsp;&raquo;<\/span><\/a><\/p>\n","protected":false},"author":1,"featured_media":0,"parent":24,"menu_order":1,"comment_status":"closed","ping_status":"closed","template":"","meta":[],"_links":{"self":[{"href":"https:\/\/viviscum.ch\/index.php\/wp-json\/wp\/v2\/pages\/30"}],"collection":[{"href":"https:\/\/viviscum.ch\/index.php\/wp-json\/wp\/v2\/pages"}],"about":[{"href":"https:\/\/viviscum.ch\/index.php\/wp-json\/wp\/v2\/types\/page"}],"author":[{"embeddable":true,"href":"https:\/\/viviscum.ch\/index.php\/wp-json\/wp\/v2\/users\/1"}],"replies":[{"embeddable":true,"href":"https:\/\/viviscum.ch\/index.php\/wp-json\/wp\/v2\/comments?post=30"}],"version-history":[{"count":20,"href":"https:\/\/viviscum.ch\/index.php\/wp-json\/wp\/v2\/pages\/30\/revisions"}],"predecessor-version":[{"id":239,"href":"https:\/\/viviscum.ch\/index.php\/wp-json\/wp\/v2\/pages\/30\/revisions\/239"}],"up":[{"embeddable":true,"href":"https:\/\/viviscum.ch\/index.php\/wp-json\/wp\/v2\/pages\/24"}],"wp:attachment":[{"href":"https:\/\/viviscum.ch\/index.php\/wp-json\/wp\/v2\/media?parent=30"}],"curies":[{"name":"wp","href":"https:\/\/api.w.org\/{rel}","templated":true}]}}